{"id":278,"date":"2022-05-17T11:30:30","date_gmt":"2022-05-17T09:30:30","guid":{"rendered":"http:\/\/localhost:8080\/?page_id=278"},"modified":"2026-01-05T11:25:48","modified_gmt":"2026-01-05T10:25:48","slug":"sezione-primavera","status":"publish","type":"page","link":"https:\/\/adriascuoleinfanzia.it\/?page_id=278","title":{"rendered":"Sezione Primavera"},"content":{"rendered":"\t\t<div data-elementor-type=\"wp-page\" data-elementor-id=\"278\" class=\"elementor elementor-278\">\n\t\t\t\t\t\t<section class=\"elementor-section elementor-top-section elementor-element elementor-element-df73f01 elementor-section-boxed elementor-section-height-default elementor-section-height-default\" data-id=\"df73f01\" data-element_type=\"section\" data-e-type=\"section\">\n\t\t\t\t\t\t<div class=\"elementor-container elementor-column-gap-default\">\n\t\t\t\t\t<div class=\"elementor-column elementor-col-100 elementor-top-column elementor-element elementor-element-384e620\" data-id=\"384e620\" data-element_type=\"column\" data-e-type=\"column\">\n\t\t\t<div class=\"elementor-widget-wrap elementor-element-populated\">\n\t\t\t\t\t\t<div class=\"elementor-element elementor-element-6ddf669 elementor-widget elementor-widget-heading\" data-id=\"6ddf669\" data-element_type=\"widget\" data-e-type=\"widget\" data-widget_type=\"heading.default\">\n\t\t\t\t<div class=\"elementor-widget-container\">\n\t\t\t\t\t<h4 class=\"elementor-heading-title elementor-size-default\">Cos'\u00e8 la sezione Primavera?<\/h4>\t\t\t\t<\/div>\n\t\t\t\t<\/div>\n\t\t\t\t\t<\/div>\n\t\t<\/div>\n\t\t\t\t\t<\/div>\n\t\t<\/section>\n\t\t\t\t<section class=\"elementor-section elementor-top-section elementor-element elementor-element-84413e4 elementor-section-boxed elementor-section-height-default elementor-section-height-default\" data-id=\"84413e4\" data-element_type=\"section\" data-e-type=\"section\">\n\t\t\t\t\t\t<div class=\"elementor-container elementor-column-gap-default\">\n\t\t\t\t\t<div class=\"elementor-column elementor-col-100 elementor-top-column elementor-element elementor-element-f5c935a\" data-id=\"f5c935a\" data-element_type=\"column\" data-e-type=\"column\">\n\t\t\t<div class=\"elementor-widget-wrap elementor-element-populated\">\n\t\t\t\t\t\t<div class=\"elementor-element elementor-element-513834c elementor-widget elementor-widget-text-editor\" data-id=\"513834c\" data-element_type=\"widget\" data-e-type=\"widget\" data-widget_type=\"text-editor.default\">\n\t\t\t\t<div class=\"elementor-widget-container\">\n\t\t\t\t\t\t\t\t\t<p style=\"text-align: center;\">Con l\u2019art. 1 c. 630 della\u00a0legge 27 dicembre 2006, n. 296, per fare fronte alla crescente domanda di servizi educativi, sono state attivate in via sperimentale le cosiddette \u201csezioni primavera\u201d, progetti educativi rivolti ai bambini tra i 24 e i 36 mesi d\u2019et\u00e0 per lo pi\u00f9 associati alla scuola dell&#8217;infanzia per favorire un&#8217;effettiva continuit\u00e0 del percorso formativo. Tra\u00a0il 2007 e il 2013 le sezioni primavera hanno funzionato come servizio educativo integrato associate a scuole dell\u2019infanzia o asili nido grazie a diversi accordi assunti in Conferenza Unificata finch\u00e9 nel 2013 l\u2019Accordo quadro n. 83\/CU\u00a0le ha messe a sistema e ne ha definito i criteri essenziali, dettando le linee di indirizzo per la loro attivazione.\u00a0A differenza dell\u2019istituto dell\u2019anticipo scolastico, le sezioni primavera hanno un progetto specifico dedicato secondo criteri di qualit\u00e0 pedagogica, flessibilit\u00e0, rispondenza a questa specifica fascia d\u2019et\u00e0. Con il\u00a0decreto legislativo 13 aprile 2017, n. 65, le sezioni primavera sono entrate nel Sistema integrato di educazione e di istruzione dalla nascita sino ai sei anni.<\/p>\t\t\t\t\t\t\t\t<\/div>\n\t\t\t\t<\/div>\n\t\t\t\t\t<\/div>\n\t\t<\/div>\n\t\t\t\t\t<\/div>\n\t\t<\/section>\n\t\t\t\t<section class=\"elementor-section elementor-top-section elementor-element elementor-element-546d846 elementor-section-boxed elementor-section-height-default elementor-section-height-default\" data-id=\"546d846\" data-element_type=\"section\" data-e-type=\"section\">\n\t\t\t\t\t\t<div class=\"elementor-container elementor-column-gap-default\">\n\t\t\t\t\t<div class=\"elementor-column elementor-col-100 elementor-top-column elementor-element elementor-element-ad0ed0f\" data-id=\"ad0ed0f\" data-element_type=\"column\" data-e-type=\"column\">\n\t\t\t<div class=\"elementor-widget-wrap elementor-element-populated\">\n\t\t\t\t\t\t<div class=\"elementor-element elementor-element-9bf6a24 elementor-widget elementor-widget-heading\" data-id=\"9bf6a24\" data-element_type=\"widget\" data-e-type=\"widget\" data-widget_type=\"heading.default\">\n\t\t\t\t<div class=\"elementor-widget-container\">\n\t\t\t\t\t<h4 class=\"elementor-heading-title elementor-size-default\">Quali criteri devono rispettare per Legge le sezioni Primavera?<\/h4>\t\t\t\t<\/div>\n\t\t\t\t<\/div>\n\t\t\t\t\t<\/div>\n\t\t<\/div>\n\t\t\t\t\t<\/div>\n\t\t<\/section>\n\t\t\t\t<section class=\"elementor-section elementor-top-section elementor-element elementor-element-f5e9ea7 elementor-section-boxed elementor-section-height-default elementor-section-height-default\" data-id=\"f5e9ea7\" data-element_type=\"section\" data-e-type=\"section\">\n\t\t\t\t\t\t<div class=\"elementor-container elementor-column-gap-default\">\n\t\t\t\t\t<div class=\"elementor-column elementor-col-100 elementor-top-column elementor-element elementor-element-78a8737\" data-id=\"78a8737\" data-element_type=\"column\" data-e-type=\"column\">\n\t\t\t<div class=\"elementor-widget-wrap elementor-element-populated\">\n\t\t\t\t\t\t<div class=\"elementor-element elementor-element-79c10f4 elementor-widget elementor-widget-text-editor\" data-id=\"79c10f4\" data-element_type=\"widget\" data-e-type=\"widget\" data-widget_type=\"text-editor.default\">\n\t\t\t\t<div class=\"elementor-widget-container\">\n\t\t\t\t\t\t\t\t\t<p data-darkreader-inline-color=\"\"><span style=\"font-family: arial, sans-serif;\">Le sezioni primavera devono prevedere:<\/span><\/p><ul data-darkreader-inline-color=\"\"><li><span style=\"font-family: arial, sans-serif;\">locali e spazi sicuri, funzionali e idonei alle esigenze dei bambini (accoglienza, riposo, gioco, alimentazione, cura della persona)<\/span><\/li><li><span style=\"font-family: arial, sans-serif;\">arredi e materiali adatti alle esperienze di relazione e di apprendimento\u00a0<\/span><\/li><li><span style=\"font-family: arial, sans-serif;\">continuit\u00e0 educativa e raccordo con i percorsi precedenti e successivi<\/span><\/li><li><span style=\"font-family: arial, sans-serif;\">orario flessibile compreso tra le cinque e le otto ore giornaliere<\/span><\/li><li><span style=\"font-family: arial, sans-serif;\">rapporto numerico educatori-bambini non superiore a 1:10<\/span><\/li><li><span style=\"font-family: arial, sans-serif;\">gruppi omogenei d\u2019et\u00e0 compresi tra 10 e 20 bambini<\/span><\/li><\/ul><div data-darkreader-inline-color=\"\"><div><p><span style=\"font-family: arial, sans-serif;\">Prima che una sezione primavera possa essere attivata, il Comune deve esprimere un parere vincolante sull\u2019agibilit\u00e0, la funzionalit\u00e0 e la sicurezza dei locali.<\/span><\/p><\/div><\/div>\t\t\t\t\t\t\t\t<\/div>\n\t\t\t\t<\/div>\n\t\t\t\t\t<\/div>\n\t\t<\/div>\n\t\t\t\t\t<\/div>\n\t\t<\/section>\n\t\t\t\t<section class=\"elementor-section elementor-top-section elementor-element elementor-element-952fdd9 elementor-section-boxed elementor-section-height-default elementor-section-height-default\" data-id=\"952fdd9\" data-element_type=\"section\" data-e-type=\"section\">\n\t\t\t\t\t\t<div class=\"elementor-container elementor-column-gap-default\">\n\t\t\t\t\t<div class=\"elementor-column elementor-col-100 elementor-top-column elementor-element elementor-element-41518bb\" data-id=\"41518bb\" data-element_type=\"column\" data-e-type=\"column\">\n\t\t\t<div class=\"elementor-widget-wrap elementor-element-populated\">\n\t\t\t\t\t\t<div class=\"elementor-element elementor-element-61aaf39 elementor-widget elementor-widget-heading\" data-id=\"61aaf39\" data-element_type=\"widget\" data-e-type=\"widget\" data-widget_type=\"heading.default\">\n\t\t\t\t<div class=\"elementor-widget-container\">\n\t\t\t\t\t<h4 class=\"elementor-heading-title elementor-size-default\">Chi pu\u00f2 iscriversi?<\/h4>\t\t\t\t<\/div>\n\t\t\t\t<\/div>\n\t\t\t\t\t<\/div>\n\t\t<\/div>\n\t\t\t\t\t<\/div>\n\t\t<\/section>\n\t\t\t\t<section class=\"elementor-section elementor-top-section elementor-element elementor-element-1101549 elementor-section-boxed elementor-section-height-default elementor-section-height-default\" data-id=\"1101549\" data-element_type=\"section\" data-e-type=\"section\">\n\t\t\t\t\t\t<div class=\"elementor-container elementor-column-gap-default\">\n\t\t\t\t\t<div class=\"elementor-column elementor-col-100 elementor-top-column elementor-element elementor-element-0c419f2\" data-id=\"0c419f2\" data-element_type=\"column\" data-e-type=\"column\">\n\t\t\t<div class=\"elementor-widget-wrap elementor-element-populated\">\n\t\t\t\t\t\t<div class=\"elementor-element elementor-element-f33cb6b elementor-widget elementor-widget-text-editor\" data-id=\"f33cb6b\" data-element_type=\"widget\" data-e-type=\"widget\" data-widget_type=\"text-editor.default\">\n\t\t\t\t<div class=\"elementor-widget-container\">\n\t\t\t\t\t\t\t\t\t<p data-darkreader-inline-color=\"\"><span style=\"font-family: arial, sans-serif;\">Le sezioni primavera accolgono i bambini che compiono i 24 mesi tra il 1\u00b0 gennaio e il 31 dicembre dell\u2019anno scolastico di riferimento.\u00a0<\/span><span style=\"font-family: arial, sans-serif;\">I bambini che compiono i 24 mesi tra il 1\u00b0 settembre e il 31 dicembre possono cominciare a frequentare solo dopo il compimento dei due anni.<\/span><\/p><p data-darkreader-inline-color=\"\"><span style=\"font-family: arial, sans-serif;\"><b>[<\/b><\/span><span data-darkreader-inline-color=\"\">Fonte: Ministero dell&#8217;Istruzione.]<\/span><\/p>\t\t\t\t\t\t\t\t<\/div>\n\t\t\t\t<\/div>\n\t\t\t\t\t<\/div>\n\t\t<\/div>\n\t\t\t\t\t<\/div>\n\t\t<\/section>\n\t\t\t\t<section class=\"elementor-section elementor-top-section elementor-element elementor-element-48b6b48 elementor-section-boxed elementor-section-height-default elementor-section-height-default\" data-id=\"48b6b48\" data-element_type=\"section\" data-e-type=\"section\">\n\t\t\t\t\t\t<div class=\"elementor-container elementor-column-gap-default\">\n\t\t\t\t\t<div class=\"elementor-column elementor-col-100 elementor-top-column elementor-element elementor-element-6bd4b72\" data-id=\"6bd4b72\" data-element_type=\"column\" data-e-type=\"column\">\n\t\t\t<div class=\"elementor-widget-wrap elementor-element-populated\">\n\t\t\t\t\t\t<div class=\"elementor-element elementor-element-e58ebec elementor-widget elementor-widget-heading\" data-id=\"e58ebec\" data-element_type=\"widget\" data-e-type=\"widget\" data-widget_type=\"heading.default\">\n\t\t\t\t<div class=\"elementor-widget-container\">\n\t\t\t\t\t<h4 class=\"elementor-heading-title elementor-size-default\">Dove trovare ad Adria la sezione Primavera?<\/h4>\t\t\t\t<\/div>\n\t\t\t\t<\/div>\n\t\t\t\t\t<\/div>\n\t\t<\/div>\n\t\t\t\t\t<\/div>\n\t\t<\/section>\n\t\t\t\t<section class=\"elementor-section elementor-top-section elementor-element elementor-element-04c184a elementor-section-boxed elementor-section-height-default elementor-section-height-default\" data-id=\"04c184a\" data-element_type=\"section\" data-e-type=\"section\">\n\t\t\t\t\t\t<div class=\"elementor-container elementor-column-gap-default\">\n\t\t\t\t\t<div class=\"elementor-column elementor-col-100 elementor-top-column elementor-element elementor-element-24f15e5\" data-id=\"24f15e5\" data-element_type=\"column\" data-e-type=\"column\">\n\t\t\t<div class=\"elementor-widget-wrap elementor-element-populated\">\n\t\t\t\t\t\t<div class=\"elementor-element elementor-element-d2384b5 elementor-widget elementor-widget-text-editor\" data-id=\"d2384b5\" data-element_type=\"widget\" data-e-type=\"widget\" data-widget_type=\"text-editor.default\">\n\t\t\t\t<div class=\"elementor-widget-container\">\n\t\t\t\t\t\t\t\t\t<p><span style=\"font-family: arial, sans-serif;\">Il sistema paritario coordinato della Citt\u00e0 di Adria offre tre Sezioni Primavera per un totale ordinario di 60 posti a disposizione: due sezioni si trovano nel centro cittadino e una sezione nella principale frazione di Bottrighe, per una buona copertura territoriale.\u00a0<\/span><\/p>\t\t\t\t\t\t\t\t<\/div>\n\t\t\t\t<\/div>\n\t\t\t\t\t<\/div>\n\t\t<\/div>\n\t\t\t\t\t<\/div>\n\t\t<\/section>\n\t\t\t\t<section class=\"elementor-section elementor-top-section elementor-element elementor-element-644fd64 elementor-section-boxed elementor-section-height-default elementor-section-height-default\" data-id=\"644fd64\" data-element_type=\"section\" data-e-type=\"section\">\n\t\t\t\t\t\t<div class=\"elementor-container elementor-column-gap-default\">\n\t\t\t\t\t<div class=\"elementor-column elementor-col-100 elementor-top-column elementor-element elementor-element-841fc55\" data-id=\"841fc55\" data-element_type=\"column\" data-e-type=\"column\">\n\t\t\t<div class=\"elementor-widget-wrap elementor-element-populated\">\n\t\t\t\t\t\t<div class=\"elementor-element elementor-element-08a6c76 elementor-widget elementor-widget-heading\" data-id=\"08a6c76\" data-element_type=\"widget\" data-e-type=\"widget\" data-widget_type=\"heading.default\">\n\t\t\t\t<div class=\"elementor-widget-container\">\n\t\t\t\t\t<h4 class=\"elementor-heading-title elementor-size-default\">Quanto costa la nostra sezione Primavera?<\/h4>\t\t\t\t<\/div>\n\t\t\t\t<\/div>\n\t\t\t\t\t<\/div>\n\t\t<\/div>\n\t\t\t\t\t<\/div>\n\t\t<\/section>\n\t\t\t\t<section class=\"elementor-section elementor-top-section elementor-element elementor-element-c9ccfa3 elementor-section-boxed elementor-section-height-default elementor-section-height-default\" data-id=\"c9ccfa3\" data-element_type=\"section\" data-e-type=\"section\">\n\t\t\t\t\t\t<div class=\"elementor-container elementor-column-gap-default\">\n\t\t\t\t\t<div class=\"elementor-column elementor-col-100 elementor-top-column elementor-element elementor-element-366bc60\" data-id=\"366bc60\" data-element_type=\"column\" data-e-type=\"column\">\n\t\t\t<div class=\"elementor-widget-wrap elementor-element-populated\">\n\t\t\t\t\t\t<div class=\"elementor-element elementor-element-fbb212c elementor-widget elementor-widget-text-editor\" data-id=\"fbb212c\" data-element_type=\"widget\" data-e-type=\"widget\" data-widget_type=\"text-editor.default\">\n\t\t\t\t<div class=\"elementor-widget-container\">\n\t\t\t\t\t\t\t\t\t<p>La Sezione Primavera nei nostri Istituti prevede un canone annuale di \u20ac 3.300,00 frazionabile in 11 rate mensili di \u20ac 300,00 ciascuna. A ci\u00f2 si aggiunge la quota di Iscrizione annuale.<\/p>\t\t\t\t\t\t\t\t<\/div>\n\t\t\t\t<\/div>\n\t\t\t\t\t<\/div>\n\t\t<\/div>\n\t\t\t\t\t<\/div>\n\t\t<\/section>\n\t\t\t\t<section class=\"elementor-section elementor-top-section elementor-element elementor-element-d73a856 elementor-section-boxed elementor-section-height-default elementor-section-height-default\" data-id=\"d73a856\" data-element_type=\"section\" data-e-type=\"section\">\n\t\t\t\t\t\t<div class=\"elementor-container elementor-column-gap-default\">\n\t\t\t\t\t<div class=\"elementor-column elementor-col-100 elementor-top-column elementor-element elementor-element-6d93fe5\" data-id=\"6d93fe5\" data-element_type=\"column\" data-e-type=\"column\">\n\t\t\t<div class=\"elementor-widget-wrap elementor-element-populated\">\n\t\t\t\t\t\t<div class=\"elementor-element elementor-element-2d6b3d8 elementor-widget elementor-widget-heading\" data-id=\"2d6b3d8\" data-element_type=\"widget\" data-e-type=\"widget\" data-widget_type=\"heading.default\">\n\t\t\t\t<div class=\"elementor-widget-container\">\n\t\t\t\t\t<h4 class=\"elementor-heading-title elementor-size-default\">Continua l'informazione su questo servizio!<\/h4>\t\t\t\t<\/div>\n\t\t\t\t<\/div>\n\t\t\t\t\t<\/div>\n\t\t<\/div>\n\t\t\t\t\t<\/div>\n\t\t<\/section>\n\t\t\t\t<section class=\"elementor-section elementor-top-section elementor-element elementor-element-24be70e elementor-section-boxed elementor-section-height-default elementor-section-height-default\" data-id=\"24be70e\" data-element_type=\"section\" data-e-type=\"section\">\n\t\t\t\t\t\t<div class=\"elementor-container elementor-column-gap-default\">\n\t\t\t\t\t<div class=\"elementor-column elementor-col-66 elementor-top-column elementor-element elementor-element-1c0a29a\" data-id=\"1c0a29a\" data-element_type=\"column\" data-e-type=\"column\">\n\t\t\t<div class=\"elementor-widget-wrap elementor-element-populated\">\n\t\t\t\t\t\t<div class=\"elementor-element elementor-element-e224ae5 elementor-widget elementor-widget-text-editor\" data-id=\"e224ae5\" data-element_type=\"widget\" data-e-type=\"widget\" data-widget_type=\"text-editor.default\">\n\t\t\t\t<div class=\"elementor-widget-container\">\n\t\t\t\t\t\t\t\t\t<p>Consulta la pagina delle Scuole che attivano attualmente la Sezione Primavera.<br \/><br \/><\/p><p>Visita le nostre Scuole che attivano questo servizio:<br \/><br \/>&gt; <a href=\"https:\/\/adriascuoleinfanzia.it\/?page_id=2765\" target=\"_blank\" rel=\"noopener\">Scuola M. Immacolata<\/a><br \/>&gt; <a href=\"http:\/\/adriascuoleinfanzia.it\/?page_id=120\">Scuola S. Teresa del Bambin Ges\u00f9<\/a><br \/>&gt; <a href=\"http:\/\/adriascuoleinfanzia.it\/?page_id=183\">Scuola U. Maddalena<\/a><\/p>\t\t\t\t\t\t\t\t<\/div>\n\t\t\t\t<\/div>\n\t\t\t\t\t<\/div>\n\t\t<\/div>\n\t\t\t\t<div class=\"elementor-column elementor-col-33 elementor-top-column elementor-element elementor-element-8b4ed68\" data-id=\"8b4ed68\" data-element_type=\"column\" data-e-type=\"column\">\n\t\t\t<div class=\"elementor-widget-wrap elementor-element-populated\">\n\t\t\t\t\t\t<div class=\"elementor-element elementor-element-2acb4a9 elementor-widget elementor-widget-image\" data-id=\"2acb4a9\" data-element_type=\"widget\" data-e-type=\"widget\" data-widget_type=\"image.default\">\n\t\t\t\t<div class=\"elementor-widget-container\">\n\t\t\t\t\t\t\t\t\t\t\t\t\t\t\t<img fetchpriority=\"high\" decoding=\"async\" width=\"530\" height=\"471\" src=\"https:\/\/adriascuoleinfanzia.it\/wp-content\/uploads\/2023\/05\/png-clipart-drawing-cartoon-child-happy-boy-hand-people-removebg-preview.png\" class=\"attachment-large size-large wp-image-1879\" alt=\"\" \/>\t\t\t\t\t\t\t\t\t\t\t\t\t\t\t<\/div>\n\t\t\t\t<\/div>\n\t\t\t\t\t<\/div>\n\t\t<\/div>\n\t\t\t\t\t<\/div>\n\t\t<\/section>\n\t\t\t\t<section class=\"elementor-section elementor-top-section elementor-element elementor-element-9293cac elementor-section-boxed elementor-section-height-default elementor-section-height-default\" data-id=\"9293cac\" data-element_type=\"section\" data-e-type=\"section\">\n\t\t\t\t\t\t<div class=\"elementor-container elementor-column-gap-default\">\n\t\t\t\t\t<div class=\"elementor-column elementor-col-100 elementor-top-column elementor-element elementor-element-825e9c1\" data-id=\"825e9c1\" data-element_type=\"column\" data-e-type=\"column\">\n\t\t\t<div class=\"elementor-widget-wrap elementor-element-populated\">\n\t\t\t\t\t\t<div class=\"elementor-element elementor-element-93d5e9c elementor-align-center elementor-widget elementor-widget-button\" data-id=\"93d5e9c\" data-element_type=\"widget\" data-e-type=\"widget\" data-widget_type=\"button.default\">\n\t\t\t\t<div class=\"elementor-widget-container\">\n\t\t\t\t\t\t\t\t\t<div class=\"elementor-button-wrapper\">\n\t\t\t\t\t<a class=\"elementor-button elementor-button-link elementor-size-sm elementor-animation-shrink\" href=\"http:\/\/adriascuoleinfanzia.it\/?page_id=534\">\n\t\t\t\t\t\t<span class=\"elementor-button-content-wrapper\">\n\t\t\t\t\t\t<span class=\"elementor-button-icon\">\n\t\t\t\t<i aria-hidden=\"true\" class=\"far fa-eye\"><\/i>\t\t\t<\/span>\n\t\t\t\t\t\t\t\t\t<span class=\"elementor-button-text\">Vedi Costi<\/span>\n\t\t\t\t\t<\/span>\n\t\t\t\t\t<\/a>\n\t\t\t\t<\/div>\n\t\t\t\t\t\t\t\t<\/div>\n\t\t\t\t<\/div>\n\t\t\t\t<div class=\"elementor-element elementor-element-21c894d elementor-align-center elementor-widget elementor-widget-button\" data-id=\"21c894d\" data-element_type=\"widget\" data-e-type=\"widget\" data-widget_type=\"button.default\">\n\t\t\t\t<div class=\"elementor-widget-container\">\n\t\t\t\t\t\t\t\t\t<div class=\"elementor-button-wrapper\">\n\t\t\t\t\t<a class=\"elementor-button elementor-button-link elementor-size-sm elementor-animation-shrink\" href=\"https:\/\/adriascuoleinfanzia.it\/wp-content\/uploads\/2026\/01\/REGOLAMENTO-INFANZIA-PRIMAVERA-2026-27.pdf\" target=\"_blank\">\n\t\t\t\t\t\t<span class=\"elementor-button-content-wrapper\">\n\t\t\t\t\t\t<span class=\"elementor-button-icon\">\n\t\t\t\t<i aria-hidden=\"true\" class=\"far fa-eye\"><\/i>\t\t\t<\/span>\n\t\t\t\t\t\t\t\t\t<span class=\"elementor-button-text\">Vedi Regolamento 2026-2027<\/span>\n\t\t\t\t\t<\/span>\n\t\t\t\t\t<\/a>\n\t\t\t\t<\/div>\n\t\t\t\t\t\t\t\t<\/div>\n\t\t\t\t<\/div>\n\t\t\t\t\t<\/div>\n\t\t<\/div>\n\t\t\t\t\t<\/div>\n\t\t<\/section>\n\t\t\t\t<\/div>\n\t\t","protected":false},"excerpt":{"rendered":"<p>Cos&#8217;\u00e8 la sezione Primavera? Con l\u2019art. 1 c. 630 della\u00a0legge 27 dicembre 2006, n. 296, per fare fronte alla crescente domanda di servizi educativi, sono state attivate in via sperimentale le cosiddette \u201csezioni primavera\u201d, progetti educativi rivolti ai bambini tra i 24 e i 36 mesi d\u2019et\u00e0 per lo pi\u00f9 associati alla scuola dell&#8217;infanzia per [&hellip;]<\/p>\n","protected":false},"author":1,"featured_media":0,"parent":0,"menu_order":0,"comment_status":"closed","ping_status":"closed","template":"","meta":{"footnotes":""},"class_list":["post-278","page","type-page","status-publish","hentry"],"yoast_head":"<!-- This site is optimized with the Yoast SEO plugin v27.4 - https:\/\/yoast.com\/product\/yoast-seo-wordpress\/ -->\n<title>Sezione Primavera - Scuole Paritarie Adria<\/title>\n<meta name=\"robots\" content=\"index, follow, max-snippet:-1, max-image-preview:large, max-video-preview:-1\" \/>\n<link rel=\"canonical\" href=\"https:\/\/adriascuoleinfanzia.it\/?page_id=278\" \/>\n<meta property=\"og:locale\" content=\"it_IT\" \/>\n<meta property=\"og:type\" content=\"article\" \/>\n<meta property=\"og:title\" content=\"Sezione Primavera - Scuole Paritarie Adria\" \/>\n<meta property=\"og:description\" content=\"Cos&#8217;\u00e8 la sezione Primavera? Con l\u2019art. 1 c. 630 della\u00a0legge 27 dicembre 2006, n. 296, per fare fronte alla crescente domanda di servizi educativi, sono state attivate in via sperimentale le cosiddette \u201csezioni primavera\u201d, progetti educativi rivolti ai bambini tra i 24 e i 36 mesi d\u2019et\u00e0 per lo pi\u00f9 associati alla scuola dell&#8217;infanzia per [&hellip;]\" \/>\n<meta property=\"og:url\" content=\"https:\/\/adriascuoleinfanzia.it\/?page_id=278\" \/>\n<meta property=\"og:site_name\" content=\"Scuole Paritarie Adria\" \/>\n<meta property=\"article:modified_time\" content=\"2026-01-05T10:25:48+00:00\" \/>\n<meta property=\"og:image\" content=\"https:\/\/adriascuoleinfanzia.it\/wp-content\/uploads\/2023\/05\/png-clipart-drawing-cartoon-child-happy-boy-hand-people-removebg-preview.png\" \/>\n\t<meta property=\"og:image:width\" content=\"530\" \/>\n\t<meta property=\"og:image:height\" content=\"471\" \/>\n\t<meta property=\"og:image:type\" content=\"image\/png\" \/>\n<meta name=\"twitter:card\" content=\"summary_large_image\" \/>\n<meta name=\"twitter:label1\" content=\"Tempo di lettura stimato\" \/>\n\t<meta name=\"twitter:data1\" content=\"3 minuti\" \/>\n<script type=\"application\/ld+json\" class=\"yoast-schema-graph\">{\"@context\":\"https:\\\/\\\/schema.org\",\"@graph\":[{\"@type\":\"WebPage\",\"@id\":\"https:\\\/\\\/adriascuoleinfanzia.it\\\/?page_id=278\",\"url\":\"https:\\\/\\\/adriascuoleinfanzia.it\\\/?page_id=278\",\"name\":\"Sezione Primavera - Scuole Paritarie Adria\",\"isPartOf\":{\"@id\":\"https:\\\/\\\/adriascuoleinfanzia.it\\\/#website\"},\"primaryImageOfPage\":{\"@id\":\"https:\\\/\\\/adriascuoleinfanzia.it\\\/?page_id=278#primaryimage\"},\"image\":{\"@id\":\"https:\\\/\\\/adriascuoleinfanzia.it\\\/?page_id=278#primaryimage\"},\"thumbnailUrl\":\"https:\\\/\\\/adriascuoleinfanzia.it\\\/wp-content\\\/uploads\\\/2023\\\/05\\\/png-clipart-drawing-cartoon-child-happy-boy-hand-people-removebg-preview.png\",\"datePublished\":\"2022-05-17T09:30:30+00:00\",\"dateModified\":\"2026-01-05T10:25:48+00:00\",\"breadcrumb\":{\"@id\":\"https:\\\/\\\/adriascuoleinfanzia.it\\\/?page_id=278#breadcrumb\"},\"inLanguage\":\"it-IT\",\"potentialAction\":[{\"@type\":\"ReadAction\",\"target\":[\"https:\\\/\\\/adriascuoleinfanzia.it\\\/?page_id=278\"]}]},{\"@type\":\"ImageObject\",\"inLanguage\":\"it-IT\",\"@id\":\"https:\\\/\\\/adriascuoleinfanzia.it\\\/?page_id=278#primaryimage\",\"url\":\"https:\\\/\\\/adriascuoleinfanzia.it\\\/wp-content\\\/uploads\\\/2023\\\/05\\\/png-clipart-drawing-cartoon-child-happy-boy-hand-people-removebg-preview.png\",\"contentUrl\":\"https:\\\/\\\/adriascuoleinfanzia.it\\\/wp-content\\\/uploads\\\/2023\\\/05\\\/png-clipart-drawing-cartoon-child-happy-boy-hand-people-removebg-preview.png\",\"width\":530,\"height\":471},{\"@type\":\"BreadcrumbList\",\"@id\":\"https:\\\/\\\/adriascuoleinfanzia.it\\\/?page_id=278#breadcrumb\",\"itemListElement\":[{\"@type\":\"ListItem\",\"position\":1,\"name\":\"Home\",\"item\":\"https:\\\/\\\/adriascuoleinfanzia.it\\\/\"},{\"@type\":\"ListItem\",\"position\":2,\"name\":\"Sezione Primavera\"}]},{\"@type\":\"WebSite\",\"@id\":\"https:\\\/\\\/adriascuoleinfanzia.it\\\/#website\",\"url\":\"https:\\\/\\\/adriascuoleinfanzia.it\\\/\",\"name\":\"Scuole Paritarie Adria\",\"description\":\"Per una Scuola che \u00e8 comunit\u00e0\",\"publisher\":{\"@id\":\"https:\\\/\\\/adriascuoleinfanzia.it\\\/#organization\"},\"potentialAction\":[{\"@type\":\"SearchAction\",\"target\":{\"@type\":\"EntryPoint\",\"urlTemplate\":\"https:\\\/\\\/adriascuoleinfanzia.it\\\/?s={search_term_string}\"},\"query-input\":{\"@type\":\"PropertyValueSpecification\",\"valueRequired\":true,\"valueName\":\"search_term_string\"}}],\"inLanguage\":\"it-IT\"},{\"@type\":\"Organization\",\"@id\":\"https:\\\/\\\/adriascuoleinfanzia.it\\\/#organization\",\"name\":\"Scuole Paritarie Adria\",\"url\":\"https:\\\/\\\/adriascuoleinfanzia.it\\\/\",\"logo\":{\"@type\":\"ImageObject\",\"inLanguage\":\"it-IT\",\"@id\":\"https:\\\/\\\/adriascuoleinfanzia.it\\\/#\\\/schema\\\/logo\\\/image\\\/\",\"url\":\"https:\\\/\\\/adriascuoleinfanzia.it\\\/wp-content\\\/uploads\\\/2022\\\/05\\\/logo-1.png\",\"contentUrl\":\"https:\\\/\\\/adriascuoleinfanzia.it\\\/wp-content\\\/uploads\\\/2022\\\/05\\\/logo-1.png\",\"width\":328,\"height\":271,\"caption\":\"Scuole Paritarie Adria\"},\"image\":{\"@id\":\"https:\\\/\\\/adriascuoleinfanzia.it\\\/#\\\/schema\\\/logo\\\/image\\\/\"}}]}<\/script>\n<!-- \/ Yoast SEO plugin. -->","yoast_head_json":{"title":"Sezione Primavera - Scuole Paritarie Adria","robots":{"index":"index","follow":"follow","max-snippet":"max-snippet:-1","max-image-preview":"max-image-preview:large","max-video-preview":"max-video-preview:-1"},"canonical":"https:\/\/adriascuoleinfanzia.it\/?page_id=278","og_locale":"it_IT","og_type":"article","og_title":"Sezione Primavera - Scuole Paritarie Adria","og_description":"Cos&#8217;\u00e8 la sezione Primavera? Con l\u2019art. 1 c. 630 della\u00a0legge 27 dicembre 2006, n. 296, per fare fronte alla crescente domanda di servizi educativi, sono state attivate in via sperimentale le cosiddette \u201csezioni primavera\u201d, progetti educativi rivolti ai bambini tra i 24 e i 36 mesi d\u2019et\u00e0 per lo pi\u00f9 associati alla scuola dell&#8217;infanzia per [&hellip;]","og_url":"https:\/\/adriascuoleinfanzia.it\/?page_id=278","og_site_name":"Scuole Paritarie Adria","article_modified_time":"2026-01-05T10:25:48+00:00","og_image":[{"width":530,"height":471,"url":"https:\/\/adriascuoleinfanzia.it\/wp-content\/uploads\/2023\/05\/png-clipart-drawing-cartoon-child-happy-boy-hand-people-removebg-preview.png","type":"image\/png"}],"twitter_card":"summary_large_image","twitter_misc":{"Tempo di lettura stimato":"3 minuti"},"schema":{"@context":"https:\/\/schema.org","@graph":[{"@type":"WebPage","@id":"https:\/\/adriascuoleinfanzia.it\/?page_id=278","url":"https:\/\/adriascuoleinfanzia.it\/?page_id=278","name":"Sezione Primavera - Scuole Paritarie Adria","isPartOf":{"@id":"https:\/\/adriascuoleinfanzia.it\/#website"},"primaryImageOfPage":{"@id":"https:\/\/adriascuoleinfanzia.it\/?page_id=278#primaryimage"},"image":{"@id":"https:\/\/adriascuoleinfanzia.it\/?page_id=278#primaryimage"},"thumbnailUrl":"https:\/\/adriascuoleinfanzia.it\/wp-content\/uploads\/2023\/05\/png-clipart-drawing-cartoon-child-happy-boy-hand-people-removebg-preview.png","datePublished":"2022-05-17T09:30:30+00:00","dateModified":"2026-01-05T10:25:48+00:00","breadcrumb":{"@id":"https:\/\/adriascuoleinfanzia.it\/?page_id=278#breadcrumb"},"inLanguage":"it-IT","potentialAction":[{"@type":"ReadAction","target":["https:\/\/adriascuoleinfanzia.it\/?page_id=278"]}]},{"@type":"ImageObject","inLanguage":"it-IT","@id":"https:\/\/adriascuoleinfanzia.it\/?page_id=278#primaryimage","url":"https:\/\/adriascuoleinfanzia.it\/wp-content\/uploads\/2023\/05\/png-clipart-drawing-cartoon-child-happy-boy-hand-people-removebg-preview.png","contentUrl":"https:\/\/adriascuoleinfanzia.it\/wp-content\/uploads\/2023\/05\/png-clipart-drawing-cartoon-child-happy-boy-hand-people-removebg-preview.png","width":530,"height":471},{"@type":"BreadcrumbList","@id":"https:\/\/adriascuoleinfanzia.it\/?page_id=278#breadcrumb","itemListElement":[{"@type":"ListItem","position":1,"name":"Home","item":"https:\/\/adriascuoleinfanzia.it\/"},{"@type":"ListItem","position":2,"name":"Sezione Primavera"}]},{"@type":"WebSite","@id":"https:\/\/adriascuoleinfanzia.it\/#website","url":"https:\/\/adriascuoleinfanzia.it\/","name":"Scuole Paritarie Adria","description":"Per una Scuola che \u00e8 comunit\u00e0","publisher":{"@id":"https:\/\/adriascuoleinfanzia.it\/#organization"},"potentialAction":[{"@type":"SearchAction","target":{"@type":"EntryPoint","urlTemplate":"https:\/\/adriascuoleinfanzia.it\/?s={search_term_string}"},"query-input":{"@type":"PropertyValueSpecification","valueRequired":true,"valueName":"search_term_string"}}],"inLanguage":"it-IT"},{"@type":"Organization","@id":"https:\/\/adriascuoleinfanzia.it\/#organization","name":"Scuole Paritarie Adria","url":"https:\/\/adriascuoleinfanzia.it\/","logo":{"@type":"ImageObject","inLanguage":"it-IT","@id":"https:\/\/adriascuoleinfanzia.it\/#\/schema\/logo\/image\/","url":"https:\/\/adriascuoleinfanzia.it\/wp-content\/uploads\/2022\/05\/logo-1.png","contentUrl":"https:\/\/adriascuoleinfanzia.it\/wp-content\/uploads\/2022\/05\/logo-1.png","width":328,"height":271,"caption":"Scuole Paritarie Adria"},"image":{"@id":"https:\/\/adriascuoleinfanzia.it\/#\/schema\/logo\/image\/"}}]}},"_links":{"self":[{"href":"https:\/\/adriascuoleinfanzia.it\/index.php?rest_route=\/wp\/v2\/pages\/278","targetHints":{"allow":["GET"]}}],"collection":[{"href":"https:\/\/adriascuoleinfanzia.it\/index.php?rest_route=\/wp\/v2\/pages"}],"about":[{"href":"https:\/\/adriascuoleinfanzia.it\/index.php?rest_route=\/wp\/v2\/types\/page"}],"author":[{"embeddable":true,"href":"https:\/\/adriascuoleinfanzia.it\/index.php?rest_route=\/wp\/v2\/users\/1"}],"replies":[{"embeddable":true,"href":"https:\/\/adriascuoleinfanzia.it\/index.php?rest_route=%2Fwp%2Fv2%2Fcomments&post=278"}],"version-history":[{"count":52,"href":"https:\/\/adriascuoleinfanzia.it\/index.php?rest_route=\/wp\/v2\/pages\/278\/revisions"}],"predecessor-version":[{"id":2992,"href":"https:\/\/adriascuoleinfanzia.it\/index.php?rest_route=\/wp\/v2\/pages\/278\/revisions\/2992"}],"wp:attachment":[{"href":"https:\/\/adriascuoleinfanzia.it\/index.php?rest_route=%2Fwp%2Fv2%2Fmedia&parent=278"}],"curies":[{"name":"wp","href":"https:\/\/api.w.org\/{rel}","templated":true}]}}