{"id":183,"date":"2022-05-16T09:11:38","date_gmt":"2022-05-16T07:11:38","guid":{"rendered":"http:\/\/localhost:8080\/?page_id=183"},"modified":"2026-01-05T11:20:18","modified_gmt":"2026-01-05T10:20:18","slug":"183-2","status":"publish","type":"page","link":"https:\/\/adriascuoleinfanzia.it\/?page_id=183","title":{"rendered":"Istituto Umberto Maddalena"},"content":{"rendered":"<h1>Umberto Maddalena<\/h1>\n<p><iframe title=\"Via Dante Alighieri, 37, 45011 Bottrighe RO\" src=\"https:\/\/maps.google.com\/maps?q=Via%20Dante%20Alighieri%2C%2037%2C%2045011%20Bottrighe%20RO&amp;t=m&amp;z=10&amp;output=embed&amp;iwloc=near\" aria-label=\"Via Dante Alighieri, 37, 45011 Bottrighe RO\"><\/iframe><\/p>\n<p>Via Dante Alighieri, 37, 45011 Bottrighe RO<\/p>\n<p><img fetchpriority=\"high\" decoding=\"async\" src=\"https:\/\/adriascuoleinfanzia.it\/wp-content\/uploads\/2022\/05\/castle-removebg-preview.png\" alt=\"\" width=\"360\" height=\"448\" \/><\/p>\n<p style=\"text-align: left;\">La Scuola dell&#8217;Infanzia &#8220;Umberto Maddalena&#8221;, inaugurata nell&#8217;agosto del 1931, \u00e8 situata in Via Dante, 37 a Bottrighe (Rovigo); prende il nome dall&#8217;aviatore Umberto Maddalena, eroe dell&#8217;aeronautica nativo del nostro paese. E&#8217; gestita da Associazione di genitori attraverso il proprio Comitato di Gestione, \u00e8 aderente alla FISM Federazione Italiana Scuole Materne, e ha ottenuto la Parit\u00e0 Scolastica dall&#8217;Ufficio Scolastico Regionale per il Veneto (MIUR) Decreto del 28\/02\/2001. La nostra Scuola dell&#8217;infanzia offre i seguenti servizi: n. 1 Sezione Infanzia per i bambini\/e dai 3 ai 6 anni, n. 1 Sezione Primavera per i bambini\/e dai 2 ai 3 anni: entrambi seguite da una propria maestra e con apertura dal Luned\u00ec al Venerd\u00ec con orario dalle ore 8 alle ore 16. Una vera Scuola di comunit\u00e0 a misura d&#8217;uomo che porta nella pi\u00f9 popolosa frazione della Citt\u00e0 di Adria tutti i servizi educativi con attenzione e competenza in un contesto sereno e disteso.<\/p>\n<blockquote>\n<p>L&#8217;iscrizione si fa in Scuola consegnando il modulo in forma cartacea. E&#8217; possibile prendere appuntamento allo 3491598029 o scuola-mat.maddalena@libero.it<\/p>\n<\/blockquote>\n<p><a href=\"https:\/\/adriascuoleinfanzia.it\/wp-content\/uploads\/2025\/12\/REGOLAMENTO-INFANZIA-PRIMAVERA-2026-27.pdf\" target=\"_blank\" rel=\"noopener\">SCARICA IL REGOLAMENTO PER LA SEZIONE PRIMAVERA E LE SEZIONI D&#8217;INFANZIA<\/a><\/p>\n<p><a href=\"https:\/\/adriascuoleinfanzia.it\/wp-content\/uploads\/2025\/12\/ISCRIZIONE-INFANZIA-PRIMAVERA-2026-27.pdf\" target=\"_blank\" rel=\"noopener\">SCARICA IL MODULO DI ISCRIZIONE ALLA SEZIONE PRIMAVERA O ALLE SEZIONI D&#8217;INFANZIA<\/a><a href=\"https:\/\/adriascuoleinfanzia.it\/wp-content\/uploads\/2024\/01\/REGOLAMENTO-INFANZIA-PRIMAVERA-2024-25.pdf\" target=\"_blank\" rel=\"noopener\"><br \/><\/a><br \/><img decoding=\"async\" src=\"https:\/\/adriascuoleinfanzia.it\/wp-content\/uploads\/2023\/05\/many-kids-on-globe-free-vector.jpg\" alt=\"\" width=\"1024\" height=\"762\" \/><\/p>\n<h2>Servizio Doposcuola<\/h2>\n<p>La Scuola Umberto Maddalena di Bottrighe attiva un servizio pomeridiano di Doposcuola per 3 oppure per 4 giorni a settimana. Nel modulo di iscrizione puoi selezionare se richiedi il servizio per 3 o 4 giorni a settimana fino alle ore 17.00.<\/p>\n<blockquote>\n<p>L&#8217;iscrizione si fa in Scuola consegnando il modulo in forma cartacea. E&#8217; possibile prendere appuntamento allo 3491598029 o scuola-mat.maddalena@libero.it<\/p>\n<\/blockquote>\n<p><img decoding=\"async\" src=\"https:\/\/adriascuoleinfanzia.it\/wp-content\/uploads\/2023\/05\/many-kids-on-globe-free-vector.jpg\" alt=\"\" width=\"1024\" height=\"762\" \/><\/p>\n<p><a href=\"https:\/\/adriascuoleinfanzia.it\/wp-content\/uploads\/2025\/12\/REGOLAMENTO-DS-BOTTRIGHE-2026-27.pdf\" target=\"_blank\" rel=\"noopener\">SCARICA IL REGOLAMENTO DEL DOPOSCUOLA<\/a><\/p>\n<p><a href=\"https:\/\/adriascuoleinfanzia.it\/wp-content\/uploads\/2025\/12\/REGOLAMENTO-INFANZIA-PRIMAVERA-2026-27.pdf\" target=\"_blank\" rel=\"noopener\">SCARICA IL REGOLAMENTO PER LA SEZIONE PRIMAVERA E LE SEZIONI D&#8217;INFANZIA<\/a><\/p>\n<h2>Servizio di attivit\u00e0 alternativa sulla fisicit\u00e0<\/h2>\n<p>La Scuola propone ogni anno un laboratorio sulla sfera della fisicit\u00e0 e della conoscenza di s\u00e8 con istruttori esterni. L&#8217;esperienza viene descritta e proposta agli iscritti all&#8217;inizio di ogni anno scolastico. Nell&#8217;anno 2024-2025 \u00e8 stato proposto un percorso di yoga molto gradito da bambini e famiglie.\u00a0<\/p>\n<blockquote>\n<p>L&#8217;iscrizione si fa in Scuola consegnando il modulo in forma cartacea. E&#8217; possibile prendere appuntamento allo 3491598029 o scuola-mat.maddalena@libero.it<\/p>\n<\/blockquote>\n\n\n<p><\/p>\n","protected":false},"excerpt":{"rendered":"<p>Umberto Maddalena Via Dante Alighieri, 37, 45011 Bottrighe RO La Scuola dell&#8217;Infanzia &#8220;Umberto Maddalena&#8221;, inaugurata nell&#8217;agosto del 1931, \u00e8 situata in Via Dante, 37 a Bottrighe (Rovigo); prende il nome dall&#8217;aviatore Umberto Maddalena, eroe dell&#8217;aeronautica nativo del nostro paese. E&#8217; gestita da Associazione di genitori attraverso il proprio Comitato di Gestione, \u00e8 aderente alla FISM [&hellip;]<\/p>\n","protected":false},"author":1,"featured_media":0,"parent":19,"menu_order":0,"comment_status":"closed","ping_status":"closed","template":"","meta":{"footnotes":""},"class_list":["post-183","page","type-page","status-publish","hentry"],"yoast_head":"<!-- This site is optimized with the Yoast SEO plugin v27.5 - https:\/\/yoast.com\/product\/yoast-seo-wordpress\/ -->\n<title>Istituto Umberto Maddalena - Scuole Paritarie Adria<\/title>\n<meta name=\"robots\" content=\"index, follow, max-snippet:-1, max-image-preview:large, max-video-preview:-1\" \/>\n<link rel=\"canonical\" href=\"https:\/\/adriascuoleinfanzia.it\/?page_id=183\" \/>\n<meta property=\"og:locale\" content=\"it_IT\" \/>\n<meta property=\"og:type\" content=\"article\" \/>\n<meta property=\"og:title\" content=\"Istituto Umberto Maddalena - Scuole Paritarie Adria\" \/>\n<meta property=\"og:description\" content=\"Umberto Maddalena Via Dante Alighieri, 37, 45011 Bottrighe RO La Scuola dell&#8217;Infanzia &#8220;Umberto Maddalena&#8221;, inaugurata nell&#8217;agosto del 1931, \u00e8 situata in Via Dante, 37 a Bottrighe (Rovigo); prende il nome dall&#8217;aviatore Umberto Maddalena, eroe dell&#8217;aeronautica nativo del nostro paese. E&#8217; gestita da Associazione di genitori attraverso il proprio Comitato di Gestione, \u00e8 aderente alla FISM [&hellip;]\" \/>\n<meta property=\"og:url\" content=\"https:\/\/adriascuoleinfanzia.it\/?page_id=183\" \/>\n<meta property=\"og:site_name\" content=\"Scuole Paritarie Adria\" \/>\n<meta property=\"article:modified_time\" content=\"2026-01-05T10:20:18+00:00\" \/>\n<meta property=\"og:image\" content=\"https:\/\/adriascuoleinfanzia.it\/wp-content\/uploads\/2022\/05\/castle-removebg-preview.png\" \/>\n<meta name=\"twitter:card\" content=\"summary_large_image\" \/>\n<meta name=\"twitter:label1\" content=\"Tempo di lettura stimato\" \/>\n\t<meta name=\"twitter:data1\" content=\"3 minuti\" \/>\n<script type=\"application\/ld+json\" class=\"yoast-schema-graph\">{\"@context\":\"https:\\\/\\\/schema.org\",\"@graph\":[{\"@type\":\"WebPage\",\"@id\":\"https:\\\/\\\/adriascuoleinfanzia.it\\\/?page_id=183\",\"url\":\"https:\\\/\\\/adriascuoleinfanzia.it\\\/?page_id=183\",\"name\":\"Istituto Umberto Maddalena - Scuole Paritarie Adria\",\"isPartOf\":{\"@id\":\"https:\\\/\\\/adriascuoleinfanzia.it\\\/#website\"},\"primaryImageOfPage\":{\"@id\":\"https:\\\/\\\/adriascuoleinfanzia.it\\\/?page_id=183#primaryimage\"},\"image\":{\"@id\":\"https:\\\/\\\/adriascuoleinfanzia.it\\\/?page_id=183#primaryimage\"},\"thumbnailUrl\":\"https:\\\/\\\/adriascuoleinfanzia.it\\\/wp-content\\\/uploads\\\/2022\\\/05\\\/castle-removebg-preview.png\",\"datePublished\":\"2022-05-16T07:11:38+00:00\",\"dateModified\":\"2026-01-05T10:20:18+00:00\",\"breadcrumb\":{\"@id\":\"https:\\\/\\\/adriascuoleinfanzia.it\\\/?page_id=183#breadcrumb\"},\"inLanguage\":\"it-IT\",\"potentialAction\":[{\"@type\":\"ReadAction\",\"target\":[\"https:\\\/\\\/adriascuoleinfanzia.it\\\/?page_id=183\"]}]},{\"@type\":\"ImageObject\",\"inLanguage\":\"it-IT\",\"@id\":\"https:\\\/\\\/adriascuoleinfanzia.it\\\/?page_id=183#primaryimage\",\"url\":\"https:\\\/\\\/adriascuoleinfanzia.it\\\/wp-content\\\/uploads\\\/2022\\\/05\\\/castle-removebg-preview.png\",\"contentUrl\":\"https:\\\/\\\/adriascuoleinfanzia.it\\\/wp-content\\\/uploads\\\/2022\\\/05\\\/castle-removebg-preview.png\",\"width\":360,\"height\":448},{\"@type\":\"BreadcrumbList\",\"@id\":\"https:\\\/\\\/adriascuoleinfanzia.it\\\/?page_id=183#breadcrumb\",\"itemListElement\":[{\"@type\":\"ListItem\",\"position\":1,\"name\":\"Home\",\"item\":\"https:\\\/\\\/adriascuoleinfanzia.it\\\/\"},{\"@type\":\"ListItem\",\"position\":2,\"name\":\"home\",\"item\":\"https:\\\/\\\/adriascuoleinfanzia.it\\\/\"},{\"@type\":\"ListItem\",\"position\":3,\"name\":\"Istituto Umberto Maddalena\"}]},{\"@type\":\"WebSite\",\"@id\":\"https:\\\/\\\/adriascuoleinfanzia.it\\\/#website\",\"url\":\"https:\\\/\\\/adriascuoleinfanzia.it\\\/\",\"name\":\"Scuole Paritarie Adria\",\"description\":\"Per una Scuola che \u00e8 comunit\u00e0\",\"publisher\":{\"@id\":\"https:\\\/\\\/adriascuoleinfanzia.it\\\/#organization\"},\"potentialAction\":[{\"@type\":\"SearchAction\",\"target\":{\"@type\":\"EntryPoint\",\"urlTemplate\":\"https:\\\/\\\/adriascuoleinfanzia.it\\\/?s={search_term_string}\"},\"query-input\":{\"@type\":\"PropertyValueSpecification\",\"valueRequired\":true,\"valueName\":\"search_term_string\"}}],\"inLanguage\":\"it-IT\"},{\"@type\":\"Organization\",\"@id\":\"https:\\\/\\\/adriascuoleinfanzia.it\\\/#organization\",\"name\":\"Scuole Paritarie Adria\",\"url\":\"https:\\\/\\\/adriascuoleinfanzia.it\\\/\",\"logo\":{\"@type\":\"ImageObject\",\"inLanguage\":\"it-IT\",\"@id\":\"https:\\\/\\\/adriascuoleinfanzia.it\\\/#\\\/schema\\\/logo\\\/image\\\/\",\"url\":\"https:\\\/\\\/adriascuoleinfanzia.it\\\/wp-content\\\/uploads\\\/2022\\\/05\\\/logo-1.png\",\"contentUrl\":\"https:\\\/\\\/adriascuoleinfanzia.it\\\/wp-content\\\/uploads\\\/2022\\\/05\\\/logo-1.png\",\"width\":328,\"height\":271,\"caption\":\"Scuole Paritarie Adria\"},\"image\":{\"@id\":\"https:\\\/\\\/adriascuoleinfanzia.it\\\/#\\\/schema\\\/logo\\\/image\\\/\"}}]}<\/script>\n<!-- \/ Yoast SEO plugin. -->","yoast_head_json":{"title":"Istituto Umberto Maddalena - Scuole Paritarie Adria","robots":{"index":"index","follow":"follow","max-snippet":"max-snippet:-1","max-image-preview":"max-image-preview:large","max-video-preview":"max-video-preview:-1"},"canonical":"https:\/\/adriascuoleinfanzia.it\/?page_id=183","og_locale":"it_IT","og_type":"article","og_title":"Istituto Umberto Maddalena - Scuole Paritarie Adria","og_description":"Umberto Maddalena Via Dante Alighieri, 37, 45011 Bottrighe RO La Scuola dell&#8217;Infanzia &#8220;Umberto Maddalena&#8221;, inaugurata nell&#8217;agosto del 1931, \u00e8 situata in Via Dante, 37 a Bottrighe (Rovigo); prende il nome dall&#8217;aviatore Umberto Maddalena, eroe dell&#8217;aeronautica nativo del nostro paese. E&#8217; gestita da Associazione di genitori attraverso il proprio Comitato di Gestione, \u00e8 aderente alla FISM [&hellip;]","og_url":"https:\/\/adriascuoleinfanzia.it\/?page_id=183","og_site_name":"Scuole Paritarie Adria","article_modified_time":"2026-01-05T10:20:18+00:00","og_image":[{"url":"https:\/\/adriascuoleinfanzia.it\/wp-content\/uploads\/2022\/05\/castle-removebg-preview.png","type":"","width":"","height":""}],"twitter_card":"summary_large_image","twitter_misc":{"Tempo di lettura stimato":"3 minuti"},"schema":{"@context":"https:\/\/schema.org","@graph":[{"@type":"WebPage","@id":"https:\/\/adriascuoleinfanzia.it\/?page_id=183","url":"https:\/\/adriascuoleinfanzia.it\/?page_id=183","name":"Istituto Umberto Maddalena - Scuole Paritarie Adria","isPartOf":{"@id":"https:\/\/adriascuoleinfanzia.it\/#website"},"primaryImageOfPage":{"@id":"https:\/\/adriascuoleinfanzia.it\/?page_id=183#primaryimage"},"image":{"@id":"https:\/\/adriascuoleinfanzia.it\/?page_id=183#primaryimage"},"thumbnailUrl":"https:\/\/adriascuoleinfanzia.it\/wp-content\/uploads\/2022\/05\/castle-removebg-preview.png","datePublished":"2022-05-16T07:11:38+00:00","dateModified":"2026-01-05T10:20:18+00:00","breadcrumb":{"@id":"https:\/\/adriascuoleinfanzia.it\/?page_id=183#breadcrumb"},"inLanguage":"it-IT","potentialAction":[{"@type":"ReadAction","target":["https:\/\/adriascuoleinfanzia.it\/?page_id=183"]}]},{"@type":"ImageObject","inLanguage":"it-IT","@id":"https:\/\/adriascuoleinfanzia.it\/?page_id=183#primaryimage","url":"https:\/\/adriascuoleinfanzia.it\/wp-content\/uploads\/2022\/05\/castle-removebg-preview.png","contentUrl":"https:\/\/adriascuoleinfanzia.it\/wp-content\/uploads\/2022\/05\/castle-removebg-preview.png","width":360,"height":448},{"@type":"BreadcrumbList","@id":"https:\/\/adriascuoleinfanzia.it\/?page_id=183#breadcrumb","itemListElement":[{"@type":"ListItem","position":1,"name":"Home","item":"https:\/\/adriascuoleinfanzia.it\/"},{"@type":"ListItem","position":2,"name":"home","item":"https:\/\/adriascuoleinfanzia.it\/"},{"@type":"ListItem","position":3,"name":"Istituto Umberto Maddalena"}]},{"@type":"WebSite","@id":"https:\/\/adriascuoleinfanzia.it\/#website","url":"https:\/\/adriascuoleinfanzia.it\/","name":"Scuole Paritarie Adria","description":"Per una Scuola che \u00e8 comunit\u00e0","publisher":{"@id":"https:\/\/adriascuoleinfanzia.it\/#organization"},"potentialAction":[{"@type":"SearchAction","target":{"@type":"EntryPoint","urlTemplate":"https:\/\/adriascuoleinfanzia.it\/?s={search_term_string}"},"query-input":{"@type":"PropertyValueSpecification","valueRequired":true,"valueName":"search_term_string"}}],"inLanguage":"it-IT"},{"@type":"Organization","@id":"https:\/\/adriascuoleinfanzia.it\/#organization","name":"Scuole Paritarie Adria","url":"https:\/\/adriascuoleinfanzia.it\/","logo":{"@type":"ImageObject","inLanguage":"it-IT","@id":"https:\/\/adriascuoleinfanzia.it\/#\/schema\/logo\/image\/","url":"https:\/\/adriascuoleinfanzia.it\/wp-content\/uploads\/2022\/05\/logo-1.png","contentUrl":"https:\/\/adriascuoleinfanzia.it\/wp-content\/uploads\/2022\/05\/logo-1.png","width":328,"height":271,"caption":"Scuole Paritarie Adria"},"image":{"@id":"https:\/\/adriascuoleinfanzia.it\/#\/schema\/logo\/image\/"}}]}},"_links":{"self":[{"href":"https:\/\/adriascuoleinfanzia.it\/index.php?rest_route=\/wp\/v2\/pages\/183","targetHints":{"allow":["GET"]}}],"collection":[{"href":"https:\/\/adriascuoleinfanzia.it\/index.php?rest_route=\/wp\/v2\/pages"}],"about":[{"href":"https:\/\/adriascuoleinfanzia.it\/index.php?rest_route=\/wp\/v2\/types\/page"}],"author":[{"embeddable":true,"href":"https:\/\/adriascuoleinfanzia.it\/index.php?rest_route=\/wp\/v2\/users\/1"}],"replies":[{"embeddable":true,"href":"https:\/\/adriascuoleinfanzia.it\/index.php?rest_route=%2Fwp%2Fv2%2Fcomments&post=183"}],"version-history":[{"count":188,"href":"https:\/\/adriascuoleinfanzia.it\/index.php?rest_route=\/wp\/v2\/pages\/183\/revisions"}],"predecessor-version":[{"id":2980,"href":"https:\/\/adriascuoleinfanzia.it\/index.php?rest_route=\/wp\/v2\/pages\/183\/revisions\/2980"}],"up":[{"embeddable":true,"href":"https:\/\/adriascuoleinfanzia.it\/index.php?rest_route=\/wp\/v2\/pages\/19"}],"wp:attachment":[{"href":"https:\/\/adriascuoleinfanzia.it\/index.php?rest_route=%2Fwp%2Fv2%2Fmedia&parent=183"}],"curies":[{"name":"wp","href":"https:\/\/api.w.org\/{rel}","templated":true}]}}